{"id":1039,"date":"2019-04-23T10:05:13","date_gmt":"2019-04-23T08:05:13","guid":{"rendered":"https:\/\/www.caringforyouandtheplanet.comrumbo-a-2030\/"},"modified":"2025-05-28T09:19:26","modified_gmt":"2025-05-28T07:19:26","slug":"rumbo-a-2030","status":"publish","type":"page","link":"https:\/\/www.caringforyouandtheplanet.com\/en\/","title":{"rendered":"Rumbo a 2030"},"content":{"rendered":"\n<div class=\"wp-block-columns has-2-columns is-layout-flex wp-container-core-columns-is-layout-9d6595d7 wp-block-columns-is-layout-flex\">\n<div class=\"wp-block-column is-layout-flow wp-block-column-is-layout-flow\">\n<p class=\"justify\"><strong>CARING FOR YOU &amp; THE PLANET<\/strong>&nbsp;is the Ebro Foods slogan that represents the company\u2019s commitment to sustainable growth and being socially responsible.&nbsp;This commitment is based on creating a business model that, in addition to being profitable and efficient, helps society to progress and provides value to all players and places where we operate: employees and shareholders, customers, the social environment and the natural environment.<\/p>\n<\/div>\n\n\n\n<div class=\"wp-block-column is-layout-flow wp-block-column-is-layout-flow\">\n<p class=\"justify\"> In order to meet this commitment we have designed a Global Sustainability Plan called &#8216;Heading Towards 2030&#8217;, which comprises a series of goals and activities that will be implemented up until 2030 in order to consolidate our sustainable business plan. <\/p>\n\n\n\n<p class=\"justify\">This plan is based on three areas of activity: Caring for You, Caring for the Planet and Caring for Food. <\/p>\n<\/div>\n<\/div>\n\n\n\n<h1 style=\"text-align:center\" class=\"visita-blog objetivos hidden\">Our goals<\/h1>\n\n\n\n<div class=\"wp-block-columns has-2-columns hidden is-layout-flex wp-container-core-columns-is-layout-9d6595d7 wp-block-columns-is-layout-flex\">\n<div class=\"wp-block-column is-layout-flow wp-block-column-is-layout-flow\">\n<p>En l\u00ednea con estos objetivos nuestra compa\u00f1\u00eda ha establecido un programa de actuaci\u00f3n en todos los aspectos de nuestra actividad para crear un modelo de negocio sostenible, comprometido con el bienestar social, el equilibrio ambiental y el progreso econ\u00f3mico. <\/p>\n<\/div>\n\n\n\n<div class=\"wp-block-column is-layout-flow wp-block-column-is-layout-flow\">\n<p>Rumbo a estos retos que tienen como meta el a\u00f1o 2030 hemos elaborado un plan global de sostenibilidad que denominamos <strong><em>\u201cCaring for you &amp; the planet\u201d<\/em><\/strong> y que sintetizamos en tres \u00e1reas de trabajo:<\/p>\n<\/div>\n<\/div>\n\n\n\n<div class=\"wp-block-columns has-3-columns fullwidth-container services is-layout-flex wp-container-core-columns-is-layout-9d6595d7 wp-block-columns-is-layout-flex\">\n<div class=\"wp-block-column is-layout-flow wp-block-column-is-layout-flow\"><div class=\"wp-block-image\">\n<figure class=\"aligncenter is-resized\"><a href=\"https:\/\/www.caringforyouandtheplanet.com\/en\/las-personas-caring-for-you\/\"><img loading=\"lazy\" decoding=\"async\" width=\"500\" height=\"380\" src=\"https:\/\/www.caringforyouandtheplanet.com\/wp-content\/uploads\/2019\/06\/icono-you3.png\" alt=\"\" class=\"wp-image-837\" style=\"width:125px;height:95px\" srcset=\"https:\/\/www.caringforyouandtheplanet.com\/wp-content\/uploads\/2019\/06\/icono-you3.png 500w, https:\/\/www.caringforyouandtheplanet.com\/wp-content\/uploads\/2019\/06\/icono-you3-300x228.png 300w\" sizes=\"auto, (max-width: 500px) 100vw, 500px\" \/><\/a><\/figure>\n<\/div>\n\n\n<h3 class=\"wp-block-heading has-text-align-center\"><a href=\"https:\/\/www.caringforyouandtheplanet.com\/en\/las-personas-caring-for-you\/\">CARING FOR YOU<\/a><\/h3>\n\n\n\n<p class=\"has-text-align-center has-text-color\" style=\"color:#ffffff\"><a href=\"https:\/\/www.caringforyouandtheplanet.com\/en\/las-personas-caring-for-you\/\">Care for, retain and promote the development of our human capital and safeguard the economic and social progress of our communities.<\/a><\/p>\n<\/div>\n\n\n\n<div class=\"wp-block-column is-layout-flow wp-block-column-is-layout-flow\"><div class=\"wp-block-image\">\n<figure class=\"aligncenter is-resized\"><a href=\"https:\/\/www.caringforyouandtheplanet.com\/en\/el-planeta-caring-for-the-planet\/\"><img loading=\"lazy\" decoding=\"async\" width=\"500\" height=\"380\" src=\"https:\/\/www.caringforyouandtheplanet.com\/wp-content\/uploads\/2019\/06\/icono-earth3.png\" alt=\"\" class=\"wp-image-833\" style=\"width:125px;height:95px\" srcset=\"https:\/\/www.caringforyouandtheplanet.com\/wp-content\/uploads\/2019\/06\/icono-earth3.png 500w, https:\/\/www.caringforyouandtheplanet.com\/wp-content\/uploads\/2019\/06\/icono-earth3-300x228.png 300w\" sizes=\"auto, (max-width: 500px) 100vw, 500px\" \/><\/a><\/figure>\n<\/div>\n\n\n<h3 class=\"wp-block-heading has-text-align-center\"> <a href=\"https:\/\/www.caringforyouandtheplanet.com\/en\/el-planeta-caring-for-the-planet\/\">CARING FOR THE PLANET <\/a><\/h3>\n\n\n\n<p class=\"has-text-align-center has-text-color\" style=\"color:#ffffff\"><a href=\"https:\/\/www.caringforyouandtheplanet.com\/en\/el-planeta-caring-for-the-planet\/\">Ensure sustainability of our entire value chain, guaranteeing environmental protection and contributing to mitigating the consequences of climate change.<\/a><\/p>\n<\/div>\n\n\n\n<div class=\"wp-block-column is-layout-flow wp-block-column-is-layout-flow\"><div class=\"wp-block-image\">\n<figure class=\"aligncenter is-resized\"><a href=\"https:\/\/www.caringforyouandtheplanet.com\/en\/la-alimentacion-caring-for-food\/\"><img loading=\"lazy\" decoding=\"async\" width=\"500\" height=\"380\" src=\"https:\/\/www.caringforyouandtheplanet.com\/wp-content\/uploads\/2019\/06\/icono-food3.png\" alt=\"\" class=\"wp-image-835\" style=\"width:125px;height:95px\" srcset=\"https:\/\/www.caringforyouandtheplanet.com\/wp-content\/uploads\/2019\/06\/icono-food3.png 500w, https:\/\/www.caringforyouandtheplanet.com\/wp-content\/uploads\/2019\/06\/icono-food3-300x228.png 300w\" sizes=\"auto, (max-width: 500px) 100vw, 500px\" \/><\/a><\/figure>\n<\/div>\n\n\n<h3 class=\"wp-block-heading has-text-align-center\"> <a href=\"https:\/\/www.caringforyouandtheplanet.com\/en\/la-alimentacion-caring-for-food\/\">CARING FOR FOOD <\/a><\/h3>\n\n\n\n<p class=\"has-text-align-center has-text-color\" style=\"color:#ffffff\"><a href=\"https:\/\/www.caringforyouandtheplanet.com\/en\/la-alimentacion-caring-for-food\/\">Offer the consumer healthy and discernible food products that meet their quality, safety, nutrition, health and wellbeing expectations, while promoting healthy lifestyles and habits.<\/a><\/p>\n<\/div>\n<\/div>\n\n\n\n<h2 style=\"text-align: center; font-size: 3em; margin: 2em 0 1em 0;\" class=\"visita-blog\">Do you want to know our most relevant projects?<\/h2>\n\n\n\n<div class=\"wp-block-query home-latest-posts is-layout-flow wp-block-query-is-layout-flow\"><ul class=\"columns-3 wp-block-post-template is-layout-grid wp-container-core-post-template-is-layout-2fc57c17 wp-block-post-template-is-layout-grid\"><li class=\"wp-block-post post-2786 post type-post status-publish format-standard has-post-thumbnail hentry category-blog-en category-planet-en\">\n\n<div class=\"wp-block-group\" style=\"padding-top:30px;padding-right:30px;padding-bottom:30px;padding-left:30px\"><div class=\"wp-block-group__inner-container is-layout-flow wp-block-group-is-layout-flow\"><figure class=\"wp-block-post-featured-image\"><img loading=\"lazy\" decoding=\"async\" width=\"1920\" height=\"1080\" src=\"https:\/\/www.caringforyouandtheplanet.com\/wp-content\/uploads\/2024\/11\/Cabecera_Sustainability-Awards-6.png\" class=\"attachment-post-thumbnail size-post-thumbnail wp-post-image\" alt=\"\" style=\"object-fit:cover;\" srcset=\"https:\/\/www.caringforyouandtheplanet.com\/wp-content\/uploads\/2024\/11\/Cabecera_Sustainability-Awards-6.png 1920w, https:\/\/www.caringforyouandtheplanet.com\/wp-content\/uploads\/2024\/11\/Cabecera_Sustainability-Awards-6-300x169.png 300w, https:\/\/www.caringforyouandtheplanet.com\/wp-content\/uploads\/2024\/11\/Cabecera_Sustainability-Awards-6-1024x576.png 1024w, https:\/\/www.caringforyouandtheplanet.com\/wp-content\/uploads\/2024\/11\/Cabecera_Sustainability-Awards-6-768x432.png 768w, https:\/\/www.caringforyouandtheplanet.com\/wp-content\/uploads\/2024\/11\/Cabecera_Sustainability-Awards-6-1536x864.png 1536w, https:\/\/www.caringforyouandtheplanet.com\/wp-content\/uploads\/2024\/11\/Cabecera_Sustainability-Awards-6-1150x647.png 1150w\" sizes=\"auto, (max-width: 1920px) 100vw, 1920px\" \/><\/figure>\n\n<h3 class=\"wp-block-post-title\"><a href=\"https:\/\/www.caringforyouandtheplanet.com\/en\/the-winners-of-the-ebro-sustainability-awards-2024-announcement\/\" target=\"_self\" >The winners of the Ebro Sustainability Awards 2024 announcement<\/a><\/h3>\n\n<div class=\"wp-block-post-excerpt\"><p class=\"wp-block-post-excerpt__excerpt\">Once again, the Ebro Foundation has held its traditional annual Sustainability and Environmental Awards, a competition created to promote the internal talent of the Group&#8217;s professionals in the field of sustainability through the presentation of innovative proposals aligned with the&hellip;<\/p><p class=\"wp-block-post-excerpt__more-text\"><a class=\"wp-block-post-excerpt__more-link\" href=\"https:\/\/www.caringforyouandtheplanet.com\/en\/the-winners-of-the-ebro-sustainability-awards-2024-announcement\/\">Leer m\u00e1s <\/a><\/p><\/div><\/div><\/div>\n\n<\/li><li class=\"wp-block-post post-2765 post type-post status-publish format-standard has-post-thumbnail hentry category-blog-en category-food-en category-you-en\">\n\n<div class=\"wp-block-group\" style=\"padding-top:30px;padding-right:30px;padding-bottom:30px;padding-left:30px\"><div class=\"wp-block-group__inner-container is-layout-flow wp-block-group-is-layout-flow\"><figure class=\"wp-block-post-featured-image\"><img loading=\"lazy\" decoding=\"async\" width=\"1080\" height=\"685\" src=\"https:\/\/www.caringforyouandtheplanet.com\/wp-content\/uploads\/2024\/10\/RCS068_013_Phase2_BlogHeader_CaliforniaCharityPartnership_1080x685_FINAL__2-1.jpg\" class=\"attachment-post-thumbnail size-post-thumbnail wp-post-image\" alt=\"\" style=\"object-fit:cover;\" srcset=\"https:\/\/www.caringforyouandtheplanet.com\/wp-content\/uploads\/2024\/10\/RCS068_013_Phase2_BlogHeader_CaliforniaCharityPartnership_1080x685_FINAL__2-1.jpg 1080w, https:\/\/www.caringforyouandtheplanet.com\/wp-content\/uploads\/2024\/10\/RCS068_013_Phase2_BlogHeader_CaliforniaCharityPartnership_1080x685_FINAL__2-1-300x190.jpg 300w, https:\/\/www.caringforyouandtheplanet.com\/wp-content\/uploads\/2024\/10\/RCS068_013_Phase2_BlogHeader_CaliforniaCharityPartnership_1080x685_FINAL__2-1-1024x649.jpg 1024w, https:\/\/www.caringforyouandtheplanet.com\/wp-content\/uploads\/2024\/10\/RCS068_013_Phase2_BlogHeader_CaliforniaCharityPartnership_1080x685_FINAL__2-1-768x487.jpg 768w\" sizes=\"auto, (max-width: 1080px) 100vw, 1080px\" \/><\/figure>\n\n<h3 class=\"wp-block-post-title\"><a href=\"https:\/\/www.caringforyouandtheplanet.com\/en\/riviana-foods-and-the-california-association-of-food-banks-launch-the-initiative-jars-of-hope\/\" target=\"_self\" >Riviana Foods and the California Association of Food Banks launch the initiative \u201cJars of Hope\u201d<\/a><\/h3>\n\n<div class=\"wp-block-post-excerpt\"><p class=\"wp-block-post-excerpt__excerpt\">With the purpose of reducing the growing number of children suffering from a lack of access to adequate food in the state of California, our subsidiary Riviana has joined forces with the California Association of Food Banks (CAFB) for the&hellip;<\/p><p class=\"wp-block-post-excerpt__more-text\"><a class=\"wp-block-post-excerpt__more-link\" href=\"https:\/\/www.caringforyouandtheplanet.com\/en\/riviana-foods-and-the-california-association-of-food-banks-launch-the-initiative-jars-of-hope\/\">Leer m\u00e1s <\/a><\/p><\/div><\/div><\/div>\n\n<\/li><li class=\"wp-block-post post-2758 post type-post status-publish format-standard has-post-thumbnail hentry category-blog-en category-planet-en\">\n\n<div class=\"wp-block-group\" style=\"padding-top:30px;padding-right:30px;padding-bottom:30px;padding-left:30px\"><div class=\"wp-block-group__inner-container is-layout-flow wp-block-group-is-layout-flow\"><figure class=\"wp-block-post-featured-image\"><img loading=\"lazy\" decoding=\"async\" width=\"2560\" height=\"1707\" src=\"https:\/\/www.caringforyouandtheplanet.com\/wp-content\/uploads\/2024\/09\/iStock-486573132-REBAJADA-scaled.jpeg\" class=\"attachment-post-thumbnail size-post-thumbnail wp-post-image\" alt=\"\" style=\"object-fit:cover;\" srcset=\"https:\/\/www.caringforyouandtheplanet.com\/wp-content\/uploads\/2024\/09\/iStock-486573132-REBAJADA-scaled.jpeg 2560w, https:\/\/www.caringforyouandtheplanet.com\/wp-content\/uploads\/2024\/09\/iStock-486573132-REBAJADA-300x200.jpeg 300w, https:\/\/www.caringforyouandtheplanet.com\/wp-content\/uploads\/2024\/09\/iStock-486573132-REBAJADA-1024x683.jpeg 1024w, https:\/\/www.caringforyouandtheplanet.com\/wp-content\/uploads\/2024\/09\/iStock-486573132-REBAJADA-768x512.jpeg 768w, https:\/\/www.caringforyouandtheplanet.com\/wp-content\/uploads\/2024\/09\/iStock-486573132-REBAJADA-1536x1024.jpeg 1536w, https:\/\/www.caringforyouandtheplanet.com\/wp-content\/uploads\/2024\/09\/iStock-486573132-REBAJADA-2048x1365.jpeg 2048w, https:\/\/www.caringforyouandtheplanet.com\/wp-content\/uploads\/2024\/09\/iStock-486573132-REBAJADA-1150x767.jpeg 1150w\" sizes=\"auto, (max-width: 2560px) 100vw, 2560px\" \/><\/figure>\n\n<h3 class=\"wp-block-post-title\"><a href=\"https:\/\/www.caringforyouandtheplanet.com\/en\/driving-a-new-climate-resilient-initiative-in-thailand\/\" target=\"_self\" >Driving a new Climate-Resilient initiative in Thailand<\/a><\/h3>\n\n<div class=\"wp-block-post-excerpt\"><p class=\"wp-block-post-excerpt__excerpt\">In line with our commitment towards a sustainable rice cultivation, we have recently initiated a new project in Thailand, together with other relevant industry players, including Olam Agri, PepsiCo, Mars, and the Deutsche Gesellschaft f\u00fcr Internationale Zusammenarbeit (GIZ), a German&hellip;<\/p><p class=\"wp-block-post-excerpt__more-text\"><a class=\"wp-block-post-excerpt__more-link\" href=\"https:\/\/www.caringforyouandtheplanet.com\/en\/driving-a-new-climate-resilient-initiative-in-thailand\/\">Leer m\u00e1s <\/a><\/p><\/div><\/div><\/div>\n\n<\/li><\/ul><\/div>\n\n\n\n<div class=\"wp-block-columns is-layout-flex wp-container-core-columns-is-layout-9d6595d7 wp-block-columns-is-layout-flex\">\n<div class=\"wp-block-column is-layout-flow wp-block-column-is-layout-flow\"><\/div>\n\n\n\n<div class=\"wp-block-column is-layout-flow wp-block-column-is-layout-flow\" style=\"flex-basis:39.5%\">\n<div class=\"wp-block-buttons is-layout-flex wp-block-buttons-is-layout-flex\">\n<div class=\"wp-block-button\"><a class=\"wp-block-button__link has-vivid-green-cyan-background-color has-background wp-element-button\" href=\"https:\/\/www.caringforyouandtheplanet.com\/en\/blog\/\">Visit our Blog for more projects<\/a><\/div>\n<\/div>\n<\/div>\n\n\n\n<div class=\"wp-block-column is-layout-flow wp-block-column-is-layout-flow\"><\/div>\n<\/div>\n\n\n\n<div style=\"height:60px\" aria-hidden=\"true\" class=\"wp-block-spacer\"><\/div>\n\n\n\n<figure class=\"wp-block-embed is-type-video is-provider-youtube wp-block-embed-youtube wp-embed-aspect-16-9 wp-has-aspect-ratio\"><div class=\"wp-block-embed__wrapper\">\n<iframe loading=\"lazy\" title=\"STOP the waste...reflect and act.\" width=\"1150\" height=\"647\" src=\"https:\/\/www.youtube.com\/embed\/vLTDsJW_CTI?feature=oembed\" frameborder=\"0\" allow=\"accelerometer; autoplay; clipboard-write; encrypted-media; gyroscope; picture-in-picture; web-share\" referrerpolicy=\"strict-origin-when-cross-origin\" allowfullscreen><\/iframe>\n<\/div><\/figure>\n\n\n\n<p><\/p>\n","protected":false},"excerpt":{"rendered":"<p>CARING FOR YOU &amp; THE PLANET&nbsp;is the Ebro Foods slogan that represents the company\u2019s commitment to sustainable growth and being socially responsible.&nbsp;This commitment is based on creating a business model that, in addition to being profitable and efficient, helps society to progress and provides value to all players and places where we operate: employees and shareholders, customers, the social environment and the natural environment. In order to meet this commitment we have designed a Global Sustainability Plan called &#8216;Heading Towards 2030&#8217;, which comprises a series of goals and activities that will be implemented up until 2030 in order to consolidate our sustainable business plan. This plan is based on three areas of activity: Caring for You, Caring for the Planet and Caring for Food. Our goals En l\u00ednea con estos objetivos nuestra compa\u00f1\u00eda ha establecido un programa de actuaci\u00f3n en todos los aspectos de nuestra actividad para crear un modelo de negocio sostenible, comprometido con el bienestar social, el equilibrio ambiental y el progreso econ\u00f3mico. Rumbo a estos retos que tienen como meta el a\u00f1o 2030 hemos elaborado un plan global de sostenibilidad que denominamos \u201cCaring for you &amp; the planet\u201d y que sintetizamos en tres \u00e1reas de trabajo: CARING [&hellip;]<\/p>\n","protected":false},"author":2,"featured_media":537,"parent":0,"menu_order":0,"comment_status":"closed","ping_status":"closed","template":"page-fullwidth-fullimage.php","meta":{"_acf_changed":false,"footnotes":"","_links_to":"","_links_to_target":""},"class_list":["post-1039","page","type-page","status-publish","has-post-thumbnail","hentry"],"acf":[],"_links":{"self":[{"href":"https:\/\/www.caringforyouandtheplanet.com\/en\/wp-json\/wp\/v2\/pages\/1039","targetHints":{"allow":["GET"]}}],"collection":[{"href":"https:\/\/www.caringforyouandtheplanet.com\/en\/wp-json\/wp\/v2\/pages"}],"about":[{"href":"https:\/\/www.caringforyouandtheplanet.com\/en\/wp-json\/wp\/v2\/types\/page"}],"author":[{"embeddable":true,"href":"https:\/\/www.caringforyouandtheplanet.com\/en\/wp-json\/wp\/v2\/users\/2"}],"replies":[{"embeddable":true,"href":"https:\/\/www.caringforyouandtheplanet.com\/en\/wp-json\/wp\/v2\/comments?post=1039"}],"version-history":[{"count":35,"href":"https:\/\/www.caringforyouandtheplanet.com\/en\/wp-json\/wp\/v2\/pages\/1039\/revisions"}],"predecessor-version":[{"id":2877,"href":"https:\/\/www.caringforyouandtheplanet.com\/en\/wp-json\/wp\/v2\/pages\/1039\/revisions\/2877"}],"wp:featuredmedia":[{"embeddable":true,"href":"https:\/\/www.caringforyouandtheplanet.com\/en\/wp-json\/wp\/v2\/media\/537"}],"wp:attachment":[{"href":"https:\/\/www.caringforyouandtheplanet.com\/en\/wp-json\/wp\/v2\/media?parent=1039"}],"curies":[{"name":"wp","href":"https:\/\/api.w.org\/{rel}","templated":true}]}}